{"id":3508,"date":"2021-12-06T14:29:40","date_gmt":"2021-12-06T13:29:40","guid":{"rendered":"https:\/\/gwsd.preview.tammen.de\/?page_id=3508"},"modified":"2022-05-20T18:08:28","modified_gmt":"2022-05-20T16:08:28","slug":"feuerspiele","status":"publish","type":"page","link":"https:\/\/glasatelier-westphal.de\/de\/kalender\/feuerspiele\/","title":{"rendered":"Feuerspiele"},"content":{"rendered":"\t\t<div data-elementor-type=\"wp-page\" data-elementor-id=\"3508\" class=\"elementor elementor-3508\" data-elementor-post-type=\"page\">\n\t\t\t\t\t\t<section class=\"has_ae_slider elementor-section elementor-top-section elementor-element elementor-element-43910df elementor-section-full_width elementor-section-height-default elementor-section-height-default ae-bg-gallery-type-default\" data-id=\"43910df\" data-element_type=\"section\" data-e-type=\"section\">\n\t\t\t\t\t\t<div class=\"elementor-container elementor-column-gap-default\">\n\t\t\t\t\t<div class=\"has_ae_slider elementor-column elementor-col-100 elementor-top-column elementor-element elementor-element-b48fcb4 ae-bg-gallery-type-default\" data-id=\"b48fcb4\" data-element_type=\"column\" data-e-type=\"column\">\n\t\t\t<div class=\"elementor-widget-wrap elementor-element-populated\">\n\t\t\t\t\t\t<div class=\"elementor-element elementor-element-7bd44b7 elementor-pagination-position-outside elementor-widget elementor-widget-image-carousel\" data-id=\"7bd44b7\" data-element_type=\"widget\" data-e-type=\"widget\" data-settings=\"{&quot;slides_to_show&quot;:&quot;1&quot;,&quot;navigation&quot;:&quot;dots&quot;,&quot;effect&quot;:&quot;fade&quot;,&quot;autoplay&quot;:&quot;yes&quot;,&quot;pause_on_hover&quot;:&quot;yes&quot;,&quot;pause_on_interaction&quot;:&quot;yes&quot;,&quot;autoplay_speed&quot;:5000,&quot;infinite&quot;:&quot;yes&quot;,&quot;speed&quot;:500}\" data-widget_type=\"image-carousel.default\">\n\t\t\t\t<div class=\"elementor-widget-container\">\n\t\t\t\t\t\t\t<div class=\"elementor-image-carousel-wrapper swiper\" role=\"region\" aria-roledescription=\"carousel\" aria-label=\"Bild Karussell\" dir=\"ltr\">\n\t\t\t<div class=\"elementor-image-carousel swiper-wrapper swiper-image-stretch\" aria-live=\"off\">\n\t\t\t\t\t\t\t\t<div class=\"swiper-slide\" role=\"group\" aria-roledescription=\"slide\" aria-label=\"1 von 6\"><figure class=\"swiper-slide-inner\"><img decoding=\"async\" class=\"swiper-slide-image\" src=\"https:\/\/glasatelier-westphal.de\/wp-content\/uploads\/2021\/11\/kalender-feuerspiele_hans-juergen-westphal-glasatelier-ammersee-sylt-2014-2015-02-06-1536x569.jpg\" alt=\"kalender-feuerspiele_hans-juergen-westphal-glasatelier-ammersee-sylt-2014-2015-02-06\" \/><\/figure><\/div><div class=\"swiper-slide\" role=\"group\" aria-roledescription=\"slide\" aria-label=\"2 von 6\"><figure class=\"swiper-slide-inner\"><img decoding=\"async\" class=\"swiper-slide-image\" src=\"https:\/\/glasatelier-westphal.de\/wp-content\/uploads\/2021\/11\/kalender-feuerspiele_hans-juergen-westphal-glasatelier-ammersee-sylt-2014-2015-02-07-1536x569.jpg\" alt=\"kalender-feuerspiele_hans-juergen-westphal-glasatelier-ammersee-sylt-2014-2015-02-07\" \/><\/figure><\/div><div class=\"swiper-slide\" role=\"group\" aria-roledescription=\"slide\" aria-label=\"3 von 6\"><figure class=\"swiper-slide-inner\"><img decoding=\"async\" class=\"swiper-slide-image\" src=\"https:\/\/glasatelier-westphal.de\/wp-content\/uploads\/2021\/11\/kalender-feuerspiele_hans-juergen-westphal-glasatelier-ammersee-sylt-2014-2015-02-08-1536x569.jpg\" alt=\"kalender-feuerspiele_hans-juergen-westphal-glasatelier-ammersee-sylt-2014-2015-02-08\" \/><\/figure><\/div><div class=\"swiper-slide\" role=\"group\" aria-roledescription=\"slide\" aria-label=\"4 von 6\"><figure class=\"swiper-slide-inner\"><img decoding=\"async\" class=\"swiper-slide-image\" src=\"https:\/\/glasatelier-westphal.de\/wp-content\/uploads\/2021\/11\/kalender-feuerspiele_hans-juergen-westphal-glasatelier-ammersee-sylt-2014-2015-02-09-1536x569.jpg\" alt=\"kalender-feuerspiele_hans-juergen-westphal-glasatelier-ammersee-sylt-2014-2015-02-09\" \/><\/figure><\/div><div class=\"swiper-slide\" role=\"group\" aria-roledescription=\"slide\" aria-label=\"5 von 6\"><figure class=\"swiper-slide-inner\"><img decoding=\"async\" class=\"swiper-slide-image\" src=\"https:\/\/glasatelier-westphal.de\/wp-content\/uploads\/2021\/11\/kalender-feuerspiele_hans-juergen-westphal-glasatelier-ammersee-sylt-2014-2015-02-10-1536x569.jpg\" alt=\"kalender-feuerspiele_hans-juergen-westphal-glasatelier-ammersee-sylt-2014-2015-02-10\" \/><\/figure><\/div><div class=\"swiper-slide\" role=\"group\" aria-roledescription=\"slide\" aria-label=\"6 von 6\"><figure class=\"swiper-slide-inner\"><img decoding=\"async\" class=\"swiper-slide-image\" src=\"https:\/\/glasatelier-westphal.de\/wp-content\/uploads\/2021\/11\/kalender-feuerspiele_hans-juergen-westphal-glasatelier-ammersee-sylt-2014-2015-02-11-1536x569.jpg\" alt=\"kalender-feuerspiele_hans-juergen-westphal-glasatelier-ammersee-sylt-2014-2015-02-11\" \/><\/figure><\/div>\t\t\t<\/div>\n\t\t\t\t\t\t\t\n\t\t\t\t\t\t\t\t\t<div class=\"swiper-pagination\"><\/div>\n\t\t\t\t\t\t\t\t\t<\/div>\n\t\t\t\t\t\t<\/div>\n\t\t\t\t<\/div>\n\t\t\t\t\t<\/div>\n\t\t<\/div>\n\t\t\t\t\t<\/div>\n\t\t<\/section>\n\t\t\t\t<section class=\"has_ae_slider elementor-section elementor-top-section elementor-element elementor-element-9659808 elementor-section-boxed elementor-section-height-default elementor-section-height-default ae-bg-gallery-type-default\" data-id=\"9659808\" data-element_type=\"section\" data-e-type=\"section\">\n\t\t\t\t\t\t<div class=\"elementor-container elementor-column-gap-default\">\n\t\t\t\t\t<div class=\"has_ae_slider elementor-column elementor-col-100 elementor-top-column elementor-element elementor-element-a291d7f ae-bg-gallery-type-default\" data-id=\"a291d7f\" data-element_type=\"column\" data-e-type=\"column\">\n\t\t\t<div class=\"elementor-widget-wrap elementor-element-populated\">\n\t\t\t\t\t\t<div class=\"elementor-element elementor-element-568dcb5 elementor-widget elementor-widget-spacer\" data-id=\"568dcb5\" data-element_type=\"widget\" data-e-type=\"widget\" data-widget_type=\"spacer.default\">\n\t\t\t\t<div class=\"elementor-widget-container\">\n\t\t\t\t\t\t\t<div class=\"elementor-spacer\">\n\t\t\t<div class=\"elementor-spacer-inner\"><\/div>\n\t\t<\/div>\n\t\t\t\t\t\t<\/div>\n\t\t\t\t<\/div>\n\t\t\t\t\t<\/div>\n\t\t<\/div>\n\t\t\t\t\t<\/div>\n\t\t<\/section>\n\t\t\t\t<section class=\"has_ae_slider elementor-section elementor-top-section elementor-element elementor-element-e7b4bf6 elementor-section-boxed elementor-section-height-default elementor-section-height-default ae-bg-gallery-type-default\" data-id=\"e7b4bf6\" data-element_type=\"section\" data-e-type=\"section\">\n\t\t\t\t\t\t<div class=\"elementor-container elementor-column-gap-default\">\n\t\t\t\t\t<div class=\"has_ae_slider elementor-column elementor-col-33 elementor-top-column elementor-element elementor-element-641e2aa ae-bg-gallery-type-default\" data-id=\"641e2aa\" data-element_type=\"column\" data-e-type=\"column\">\n\t\t\t<div class=\"elementor-widget-wrap elementor-element-populated\">\n\t\t\t\t\t\t<div class=\"elementor-element elementor-element-553ac4a elementor-widget elementor-widget-heading\" data-id=\"553ac4a\" data-element_type=\"widget\" data-e-type=\"widget\" data-widget_type=\"heading.default\">\n\t\t\t\t<div class=\"elementor-widget-container\">\n\t\t\t\t\t<h2 class=\"elementor-heading-title elementor-size-default\">Kalender<\/h2>\t\t\t\t<\/div>\n\t\t\t\t<\/div>\n\t\t\t\t\t<\/div>\n\t\t<\/div>\n\t\t\t\t<div class=\"has_ae_slider elementor-column elementor-col-66 elementor-top-column elementor-element elementor-element-b271294 ae-bg-gallery-type-default\" data-id=\"b271294\" data-element_type=\"column\" data-e-type=\"column\">\n\t\t\t<div class=\"elementor-widget-wrap elementor-element-populated\">\n\t\t\t\t\t\t<div class=\"elementor-element elementor-element-3ab2e5e elementor-widget elementor-widget-text-editor\" data-id=\"3ab2e5e\" data-element_type=\"widget\" data-e-type=\"widget\" data-widget_type=\"text-editor.default\">\n\t\t\t\t<div class=\"elementor-widget-container\">\n\t\t\t\t\t\t\t\t\t<p>TAGE<strong>WERK<\/strong><sup>\u00ae<\/sup> VIER mit dem Titel FEUERSPIELE ist eine Hommage an das Glasblasen als eines der alten, traditionsreichen Handwerke. Der Kalender beschreibt die Arbeit und Kunst von Hans-J\u00fcrgen Westphal in seiner ehemaligen Werkstatt im alten Bahnhof in Keitum auf Sylt. Auf insgesamt 16 Bl\u00e4ttern wird ein Querschnitt seines Schaffens abgebildet. Hans J\u00fcrgen Westphal beherrscht das Spiel mit dem Feuer; er ist Glasbl\u00e4ser, Glasgestalter, Glask\u00fcnstler. Feuer ist sein wichtigstes Werkzeug.<\/p>\t\t\t\t\t\t\t\t<\/div>\n\t\t\t\t<\/div>\n\t\t\t\t\t<\/div>\n\t\t<\/div>\n\t\t\t\t\t<\/div>\n\t\t<\/section>\n\t\t\t\t<section class=\"has_ae_slider elementor-section elementor-top-section elementor-element elementor-element-a3bb9e9 elementor-section-boxed elementor-section-height-default elementor-section-height-default ae-bg-gallery-type-default\" data-id=\"a3bb9e9\" data-element_type=\"section\" data-e-type=\"section\">\n\t\t\t\t\t\t<div class=\"elementor-container elementor-column-gap-default\">\n\t\t\t\t\t<div class=\"has_ae_slider elementor-column elementor-col-100 elementor-top-column elementor-element elementor-element-eaf8bcd ae-bg-gallery-type-default\" data-id=\"eaf8bcd\" data-element_type=\"column\" data-e-type=\"column\">\n\t\t\t<div class=\"elementor-widget-wrap elementor-element-populated\">\n\t\t\t\t\t\t<div class=\"elementor-element elementor-element-94ad026 elementor-widget elementor-widget-text-editor\" data-id=\"94ad026\" data-element_type=\"widget\" data-e-type=\"widget\" data-widget_type=\"text-editor.default\">\n\t\t\t\t<div class=\"elementor-widget-container\">\n\t\t\t\t\t\t\t\t\t<p>TAGE<strong>WERK<\/strong><sup>\u00ae<\/sup> VIER\u00a0 2014 I 2015 . FEUERSPIELE<\/p>\t\t\t\t\t\t\t\t<\/div>\n\t\t\t\t<\/div>\n\t\t\t\t\t<\/div>\n\t\t<\/div>\n\t\t\t\t\t<\/div>\n\t\t<\/section>\n\t\t\t\t<section class=\"has_ae_slider elementor-section elementor-top-section elementor-element elementor-element-a854e6a elementor-section-boxed elementor-section-height-default elementor-section-height-default ae-bg-gallery-type-default\" data-id=\"a854e6a\" data-element_type=\"section\" data-e-type=\"section\">\n\t\t\t\t\t\t<div class=\"elementor-container elementor-column-gap-default\">\n\t\t\t\t\t<div class=\"has_ae_slider elementor-column elementor-col-100 elementor-top-column elementor-element elementor-element-00cc93d ae-bg-gallery-type-default\" data-id=\"00cc93d\" data-element_type=\"column\" data-e-type=\"column\">\n\t\t\t<div class=\"elementor-widget-wrap elementor-element-populated\">\n\t\t\t\t\t\t<div class=\"elementor-element elementor-element-072de75 elementor-widget elementor-widget-spacer\" data-id=\"072de75\" data-element_type=\"widget\" data-e-type=\"widget\" data-widget_type=\"spacer.default\">\n\t\t\t\t<div class=\"elementor-widget-container\">\n\t\t\t\t\t\t\t<div class=\"elementor-spacer\">\n\t\t\t<div class=\"elementor-spacer-inner\"><\/div>\n\t\t<\/div>\n\t\t\t\t\t\t<\/div>\n\t\t\t\t<\/div>\n\t\t\t\t\t<\/div>\n\t\t<\/div>\n\t\t\t\t\t<\/div>\n\t\t<\/section>\n\t\t\t\t<section class=\"has_ae_slider elementor-section elementor-top-section elementor-element elementor-element-094e201 elementor-section-boxed elementor-section-height-default elementor-section-height-default ae-bg-gallery-type-default\" data-id=\"094e201\" data-element_type=\"section\" data-e-type=\"section\">\n\t\t\t\t\t\t<div class=\"elementor-container elementor-column-gap-default\">\n\t\t\t\t\t<div class=\"has_ae_slider elementor-column elementor-col-100 elementor-top-column elementor-element elementor-element-3aa6427 ae-bg-gallery-type-default\" data-id=\"3aa6427\" data-element_type=\"column\" data-e-type=\"column\">\n\t\t\t<div class=\"elementor-widget-wrap elementor-element-populated\">\n\t\t\t\t\t\t<div class=\"elementor-element elementor-element-1e504d1 elementor-pagination-position-outside elementor-widget elementor-widget-image-carousel\" data-id=\"1e504d1\" data-element_type=\"widget\" data-e-type=\"widget\" data-settings=\"{&quot;slides_to_show&quot;:&quot;1&quot;,&quot;navigation&quot;:&quot;dots&quot;,&quot;effect&quot;:&quot;fade&quot;,&quot;autoplay&quot;:&quot;yes&quot;,&quot;pause_on_hover&quot;:&quot;yes&quot;,&quot;pause_on_interaction&quot;:&quot;yes&quot;,&quot;autoplay_speed&quot;:5000,&quot;infinite&quot;:&quot;yes&quot;,&quot;speed&quot;:500}\" data-widget_type=\"image-carousel.default\">\n\t\t\t\t<div class=\"elementor-widget-container\">\n\t\t\t\t\t\t\t<div class=\"elementor-image-carousel-wrapper swiper\" role=\"region\" aria-roledescription=\"carousel\" aria-label=\"Bild Karussell\" dir=\"ltr\">\n\t\t\t<div class=\"elementor-image-carousel swiper-wrapper swiper-image-stretch\" aria-live=\"off\">\n\t\t\t\t\t\t\t\t<div class=\"swiper-slide\" role=\"group\" aria-roledescription=\"slide\" aria-label=\"1 von 16\"><figure class=\"swiper-slide-inner\"><img decoding=\"async\" class=\"swiper-slide-image\" src=\"https:\/\/glasatelier-westphal.de\/wp-content\/uploads\/2021\/11\/kalender-feuerspiele_hans-juergen-westphal-glasatelier-ammersee-sylt-2014-2015-01-01-1536x1137.jpg\" alt=\"kalender-feuerspiele_hans-juergen-westphal-glasatelier-ammersee-sylt-2014-2015-01-01\" \/><\/figure><\/div><div class=\"swiper-slide\" role=\"group\" aria-roledescription=\"slide\" aria-label=\"2 von 16\"><figure class=\"swiper-slide-inner\"><img decoding=\"async\" class=\"swiper-slide-image\" src=\"https:\/\/glasatelier-westphal.de\/wp-content\/uploads\/2021\/11\/kalender-feuerspiele_hans-juergen-westphal-glasatelier-ammersee-sylt-2014-2015-01-02-1536x1137.jpg\" alt=\"kalender-feuerspiele_hans-juergen-westphal-glasatelier-ammersee-sylt-2014-2015-01-02\" \/><\/figure><\/div><div class=\"swiper-slide\" role=\"group\" aria-roledescription=\"slide\" aria-label=\"3 von 16\"><figure class=\"swiper-slide-inner\"><img decoding=\"async\" class=\"swiper-slide-image\" src=\"https:\/\/glasatelier-westphal.de\/wp-content\/uploads\/2021\/11\/kalender-feuerspiele_hans-juergen-westphal-glasatelier-ammersee-sylt-2014-2015-01-03-1536x1137.jpg\" alt=\"kalender-feuerspiele_hans-juergen-westphal-glasatelier-ammersee-sylt-2014-2015-01-03\" \/><\/figure><\/div><div class=\"swiper-slide\" role=\"group\" aria-roledescription=\"slide\" aria-label=\"4 von 16\"><figure class=\"swiper-slide-inner\"><img decoding=\"async\" class=\"swiper-slide-image\" src=\"https:\/\/glasatelier-westphal.de\/wp-content\/uploads\/2021\/11\/kalender-feuerspiele_hans-juergen-westphal-glasatelier-ammersee-sylt-2014-2015-01-04-1536x1137.jpg\" alt=\"kalender-feuerspiele_hans-juergen-westphal-glasatelier-ammersee-sylt-2014-2015-01-04\" \/><\/figure><\/div><div class=\"swiper-slide\" role=\"group\" aria-roledescription=\"slide\" aria-label=\"5 von 16\"><figure class=\"swiper-slide-inner\"><img decoding=\"async\" class=\"swiper-slide-image\" src=\"https:\/\/glasatelier-westphal.de\/wp-content\/uploads\/2021\/11\/kalender-feuerspiele_hans-juergen-westphal-glasatelier-ammersee-sylt-2014-2015-01-05-1536x1137.jpg\" alt=\"kalender-feuerspiele_hans-juergen-westphal-glasatelier-ammersee-sylt-2014-2015-01-05\" \/><\/figure><\/div><div class=\"swiper-slide\" role=\"group\" aria-roledescription=\"slide\" aria-label=\"6 von 16\"><figure class=\"swiper-slide-inner\"><img decoding=\"async\" class=\"swiper-slide-image\" src=\"https:\/\/glasatelier-westphal.de\/wp-content\/uploads\/2021\/11\/kalender-feuerspiele_hans-juergen-westphal-glasatelier-ammersee-sylt-2014-2015-01-06-1536x1137.jpg\" alt=\"kalender-feuerspiele_hans-juergen-westphal-glasatelier-ammersee-sylt-2014-2015-01-06\" \/><\/figure><\/div><div class=\"swiper-slide\" role=\"group\" aria-roledescription=\"slide\" aria-label=\"7 von 16\"><figure class=\"swiper-slide-inner\"><img decoding=\"async\" class=\"swiper-slide-image\" src=\"https:\/\/glasatelier-westphal.de\/wp-content\/uploads\/2021\/11\/kalender-feuerspiele_hans-juergen-westphal-glasatelier-ammersee-sylt-2014-2015-01-07-1536x1137.jpg\" alt=\"kalender-feuerspiele_hans-juergen-westphal-glasatelier-ammersee-sylt-2014-2015-01-07\" \/><\/figure><\/div><div class=\"swiper-slide\" role=\"group\" aria-roledescription=\"slide\" aria-label=\"8 von 16\"><figure class=\"swiper-slide-inner\"><img decoding=\"async\" class=\"swiper-slide-image\" src=\"https:\/\/glasatelier-westphal.de\/wp-content\/uploads\/2021\/11\/kalender-feuerspiele_hans-juergen-westphal-glasatelier-ammersee-sylt-2014-2015-01-08-1536x1137.jpg\" alt=\"kalender-feuerspiele_hans-juergen-westphal-glasatelier-ammersee-sylt-2014-2015-01-08\" \/><\/figure><\/div><div class=\"swiper-slide\" role=\"group\" aria-roledescription=\"slide\" aria-label=\"9 von 16\"><figure class=\"swiper-slide-inner\"><img decoding=\"async\" class=\"swiper-slide-image\" src=\"https:\/\/glasatelier-westphal.de\/wp-content\/uploads\/2021\/11\/kalender-feuerspiele_hans-juergen-westphal-glasatelier-ammersee-sylt-2014-2015-01-09-1536x1137.jpg\" alt=\"kalender-feuerspiele_hans-juergen-westphal-glasatelier-ammersee-sylt-2014-2015-01-09\" \/><\/figure><\/div><div class=\"swiper-slide\" role=\"group\" aria-roledescription=\"slide\" aria-label=\"10 von 16\"><figure class=\"swiper-slide-inner\"><img decoding=\"async\" class=\"swiper-slide-image\" src=\"https:\/\/glasatelier-westphal.de\/wp-content\/uploads\/2021\/11\/kalender-feuerspiele_hans-juergen-westphal-glasatelier-ammersee-sylt-2014-2015-01-10-1536x1137.jpg\" alt=\"kalender-feuerspiele_hans-juergen-westphal-glasatelier-ammersee-sylt-2014-2015-01-10\" \/><\/figure><\/div><div class=\"swiper-slide\" role=\"group\" aria-roledescription=\"slide\" aria-label=\"11 von 16\"><figure class=\"swiper-slide-inner\"><img decoding=\"async\" class=\"swiper-slide-image\" src=\"https:\/\/glasatelier-westphal.de\/wp-content\/uploads\/2021\/11\/kalender-feuerspiele_hans-juergen-westphal-glasatelier-ammersee-sylt-2014-2015-01-11-1536x1137.jpg\" alt=\"kalender-feuerspiele_hans-juergen-westphal-glasatelier-ammersee-sylt-2014-2015-01-11\" \/><\/figure><\/div><div class=\"swiper-slide\" role=\"group\" aria-roledescription=\"slide\" aria-label=\"12 von 16\"><figure class=\"swiper-slide-inner\"><img decoding=\"async\" class=\"swiper-slide-image\" src=\"https:\/\/glasatelier-westphal.de\/wp-content\/uploads\/2021\/11\/kalender-feuerspiele_hans-juergen-westphal-glasatelier-ammersee-sylt-2014-2015-01-12-1536x1137.jpg\" alt=\"kalender-feuerspiele_hans-juergen-westphal-glasatelier-ammersee-sylt-2014-2015-01-12\" \/><\/figure><\/div><div class=\"swiper-slide\" role=\"group\" aria-roledescription=\"slide\" aria-label=\"13 von 16\"><figure class=\"swiper-slide-inner\"><img decoding=\"async\" class=\"swiper-slide-image\" src=\"https:\/\/glasatelier-westphal.de\/wp-content\/uploads\/2021\/11\/kalender-feuerspiele_hans-juergen-westphal-glasatelier-ammersee-sylt-2014-2015-01-13-1536x1137.jpg\" alt=\"kalender-feuerspiele_hans-juergen-westphal-glasatelier-ammersee-sylt-2014-2015-01-13\" \/><\/figure><\/div><div class=\"swiper-slide\" role=\"group\" aria-roledescription=\"slide\" aria-label=\"14 von 16\"><figure class=\"swiper-slide-inner\"><img decoding=\"async\" class=\"swiper-slide-image\" src=\"https:\/\/glasatelier-westphal.de\/wp-content\/uploads\/2021\/11\/kalender-feuerspiele_hans-juergen-westphal-glasatelier-ammersee-sylt-2014-2015-01-14-1536x1137.jpg\" alt=\"kalender-feuerspiele_hans-juergen-westphal-glasatelier-ammersee-sylt-2014-2015-01-14\" \/><\/figure><\/div><div class=\"swiper-slide\" role=\"group\" aria-roledescription=\"slide\" aria-label=\"15 von 16\"><figure class=\"swiper-slide-inner\"><img decoding=\"async\" class=\"swiper-slide-image\" src=\"https:\/\/glasatelier-westphal.de\/wp-content\/uploads\/2021\/11\/kalender-feuerspiele_hans-juergen-westphal-glasatelier-ammersee-sylt-2014-2015-01-15-1536x1137.jpg\" alt=\"kalender-feuerspiele_hans-juergen-westphal-glasatelier-ammersee-sylt-2014-2015-01-15\" \/><\/figure><\/div><div class=\"swiper-slide\" role=\"group\" aria-roledescription=\"slide\" aria-label=\"16 von 16\"><figure class=\"swiper-slide-inner\"><img decoding=\"async\" class=\"swiper-slide-image\" src=\"https:\/\/glasatelier-westphal.de\/wp-content\/uploads\/2021\/11\/kalender-feuerspiele_hans-juergen-westphal-glasatelier-ammersee-sylt-2014-2015-01-16-1536x1137.jpg\" alt=\"kalender-feuerspiele_hans-juergen-westphal-glasatelier-ammersee-sylt-2014-2015-01-16\" \/><\/figure><\/div>\t\t\t<\/div>\n\t\t\t\t\t\t\t\n\t\t\t\t\t\t\t\t\t<div class=\"swiper-pagination\"><\/div>\n\t\t\t\t\t\t\t\t\t<\/div>\n\t\t\t\t\t\t<\/div>\n\t\t\t\t<\/div>\n\t\t\t\t\t<\/div>\n\t\t<\/div>\n\t\t\t\t\t<\/div>\n\t\t<\/section>\n\t\t\t\t<section class=\"has_ae_slider elementor-section elementor-top-section elementor-element elementor-element-eb05e8b elementor-section-boxed elementor-section-height-default elementor-section-height-default ae-bg-gallery-type-default\" data-id=\"eb05e8b\" data-element_type=\"section\" data-e-type=\"section\">\n\t\t\t\t\t\t<div class=\"elementor-container elementor-column-gap-default\">\n\t\t\t\t\t<div class=\"has_ae_slider elementor-column elementor-col-100 elementor-top-column elementor-element elementor-element-5ff3262 ae-bg-gallery-type-default\" data-id=\"5ff3262\" data-element_type=\"column\" data-e-type=\"column\">\n\t\t\t<div class=\"elementor-widget-wrap elementor-element-populated\">\n\t\t\t\t\t\t<div class=\"elementor-element elementor-element-da8af03 elementor-widget elementor-widget-spacer\" data-id=\"da8af03\" data-element_type=\"widget\" data-e-type=\"widget\" data-widget_type=\"spacer.default\">\n\t\t\t\t<div class=\"elementor-widget-container\">\n\t\t\t\t\t\t\t<div class=\"elementor-spacer\">\n\t\t\t<div class=\"elementor-spacer-inner\"><\/div>\n\t\t<\/div>\n\t\t\t\t\t\t<\/div>\n\t\t\t\t<\/div>\n\t\t\t\t\t<\/div>\n\t\t<\/div>\n\t\t\t\t\t<\/div>\n\t\t<\/section>\n\t\t\t\t<section class=\"has_ae_slider elementor-section elementor-top-section elementor-element elementor-element-33ee4ca elementor-section-full_width elementor-section-height-default elementor-section-height-default ae-bg-gallery-type-default\" data-id=\"33ee4ca\" data-element_type=\"section\" data-e-type=\"section\">\n\t\t\t\t\t\t<div class=\"elementor-container elementor-column-gap-default\">\n\t\t\t\t\t<div class=\"has_ae_slider elementor-column elementor-col-50 elementor-top-column elementor-element elementor-element-b82f7c0 ae-bg-gallery-type-default\" data-id=\"b82f7c0\" data-element_type=\"column\" data-e-type=\"column\">\n\t\t\t<div class=\"elementor-widget-wrap elementor-element-populated\">\n\t\t\t\t\t\t<div class=\"elementor-element elementor-element-fd58b5f elementor-widget elementor-widget-image\" data-id=\"fd58b5f\" data-element_type=\"widget\" data-e-type=\"widget\" data-widget_type=\"image.default\">\n\t\t\t\t<div class=\"elementor-widget-container\">\n\t\t\t\t\t\t\t\t\t\t\t\t\t\t\t<img fetchpriority=\"high\" decoding=\"async\" width=\"1400\" height=\"940\" src=\"https:\/\/glasatelier-westphal.de\/wp-content\/uploads\/2021\/11\/kalender-feuerspiele-hans-juergen-westphal-sylt-schondorf-ammersee-2021-01-12.jpg\" class=\"attachment-1536x1536 size-1536x1536 wp-image-2932\" alt=\"\" srcset=\"https:\/\/glasatelier-westphal.de\/wp-content\/uploads\/2021\/11\/kalender-feuerspiele-hans-juergen-westphal-sylt-schondorf-ammersee-2021-01-12.jpg 1400w, https:\/\/glasatelier-westphal.de\/wp-content\/uploads\/2021\/11\/kalender-feuerspiele-hans-juergen-westphal-sylt-schondorf-ammersee-2021-01-12-300x201.jpg 300w, https:\/\/glasatelier-westphal.de\/wp-content\/uploads\/2021\/11\/kalender-feuerspiele-hans-juergen-westphal-sylt-schondorf-ammersee-2021-01-12-1024x688.jpg 1024w, https:\/\/glasatelier-westphal.de\/wp-content\/uploads\/2021\/11\/kalender-feuerspiele-hans-juergen-westphal-sylt-schondorf-ammersee-2021-01-12-150x101.jpg 150w, https:\/\/glasatelier-westphal.de\/wp-content\/uploads\/2021\/11\/kalender-feuerspiele-hans-juergen-westphal-sylt-schondorf-ammersee-2021-01-12-768x516.jpg 768w\" sizes=\"(max-width: 1400px) 100vw, 1400px\" \/>\t\t\t\t\t\t\t\t\t\t\t\t\t\t\t<\/div>\n\t\t\t\t<\/div>\n\t\t\t\t<section class=\"has_ae_slider elementor-section elementor-inner-section elementor-element elementor-element-649d685 elementor-section-full_width elementor-section-height-default elementor-section-height-default ae-bg-gallery-type-default\" data-id=\"649d685\" data-element_type=\"section\" data-e-type=\"section\">\n\t\t\t\t\t\t<div class=\"elementor-container elementor-column-gap-default\">\n\t\t\t\t\t<div class=\"has_ae_slider elementor-column elementor-col-50 elementor-inner-column elementor-element elementor-element-94083c5 ae-bg-gallery-type-default\" data-id=\"94083c5\" data-element_type=\"column\" data-e-type=\"column\">\n\t\t\t<div class=\"elementor-widget-wrap\">\n\t\t\t\t\t\t\t<\/div>\n\t\t<\/div>\n\t\t\t\t<div class=\"has_ae_slider elementor-column elementor-col-50 elementor-inner-column elementor-element elementor-element-5c3bde6 ae-bg-gallery-type-default\" data-id=\"5c3bde6\" data-element_type=\"column\" data-e-type=\"column\" data-settings=\"{&quot;background_background&quot;:&quot;classic&quot;}\">\n\t\t\t<div class=\"elementor-widget-wrap elementor-element-populated\">\n\t\t\t\t\t\t<div class=\"elementor-element elementor-element-df58e18 elementor-widget elementor-widget-text-editor\" data-id=\"df58e18\" data-element_type=\"widget\" data-e-type=\"widget\" data-widget_type=\"text-editor.default\">\n\t\t\t\t<div class=\"elementor-widget-container\">\n\t\t\t\t\t\t\t\t\t<p>AUSZEICHNUNGEN<\/p><p><strong>BRONZE<\/strong> <br \/>gregor international calendar award 2015<\/p><p><strong>BRONZE<\/strong> <br \/>germany-japan exchange exhibition 40th<\/p>\t\t\t\t\t\t\t\t<\/div>\n\t\t\t\t<\/div>\n\t\t\t\t<div class=\"elementor-element elementor-element-2c26717 elementor-widget elementor-widget-text-editor\" data-id=\"2c26717\" data-element_type=\"widget\" data-e-type=\"widget\" data-widget_type=\"text-editor.default\">\n\t\t\t\t<div class=\"elementor-widget-container\">\n\t\t\t\t\t\t\t\t\t<p>\u00bb\u00bb\u00bb<\/p>\t\t\t\t\t\t\t\t<\/div>\n\t\t\t\t<\/div>\n\t\t\t\t\t<\/div>\n\t\t<\/div>\n\t\t\t\t\t<\/div>\n\t\t<\/section>\n\t\t\t\t\t<\/div>\n\t\t<\/div>\n\t\t\t\t<div class=\"has_ae_slider elementor-column elementor-col-50 elementor-top-column elementor-element elementor-element-bd1fef9 ae-bg-gallery-type-default\" data-id=\"bd1fef9\" data-element_type=\"column\" data-e-type=\"column\" data-settings=\"{&quot;background_background&quot;:&quot;classic&quot;}\">\n\t\t\t<div class=\"elementor-widget-wrap elementor-element-populated\">\n\t\t\t\t\t\t<div class=\"elementor-element elementor-element-16e710b elementor-hidden-mobile elementor-widget elementor-widget-text-editor\" data-id=\"16e710b\" data-element_type=\"widget\" data-e-type=\"widget\" data-widget_type=\"text-editor.default\">\n\t\t\t\t<div class=\"elementor-widget-container\">\n\t\t\t\t\t\t\t\t\t<h5>TEXTAUSZ\u00dcGE<\/h5><h6>AUGUST<\/h6><p>AN BORD . Wohin?<br \/>Nackt und gl\u00e4sern stehen Menschen auf ihrer Arche,<br \/>r\u00fccken zusammen, verschmelzen im Wir-Gef\u00fchl.<br \/>Und doch hat jeder an Bord seine Aufgabe, seinen Platz.<br \/>Zwei ganz vorne beugen sich vor. Was sehen sie?<\/p><p><i>Wohin? . 2014 <br \/>vor der Flamme geformt<\/i><\/p><h6><span style=\"background-color: var( --e-global-color-21094dc ); color: inherit; font-family: inherit; font-size: 1rem;\">\u00a0<\/span><\/h6><h6><span style=\"background-color: var( --e-global-color-21094dc ); color: inherit; font-family: inherit; font-size: 1rem;\">APRIL<\/span><\/h6><p>IM ALGENGARTEN . Strandw\u00e4chter<br \/>Witzig ist sie anzuschauen, die Versammlung<br \/>buntgeglaster \u00abStrandw\u00e4chter\u00ab in einem Algengarten;<br \/>fr\u00f6hliche Kobolde, die beim letzten Gezeitenwechsel<br \/>ihre Str\u00f6mung verpasst haben.<br \/>Noch z\u00f6gern sie \u2013 ein Wimpernschlag, und sie sind unsichtbar.<\/p><p><i>Strandw\u00e4chter . 2013 <br \/>Glasverschmelzung<\/i><\/p>\t\t\t\t\t\t\t\t<\/div>\n\t\t\t\t<\/div>\n\t\t\t\t<div class=\"elementor-element elementor-element-da650e5 elementor-hidden-desktop elementor-hidden-tablet elementor-widget elementor-widget-text-editor\" data-id=\"da650e5\" data-element_type=\"widget\" data-e-type=\"widget\" data-widget_type=\"text-editor.default\">\n\t\t\t\t<div class=\"elementor-widget-container\">\n\t\t\t\t\t\t\t\t\t<h5>TEXTAUSZ\u00dcGE<\/h5><h6>AUGUST<\/h6><p>AN BORD . Wohin?<br \/>Nackt und gl\u00e4sern stehen Menschen auf ihrer Arche, r\u00fccken zusammen, verschmelzen im Wir-Gef\u00fchl. Und doch hat jeder an Bord seine Aufgabe, seinen Platz. Zwei ganz vorne beugen sich vor. Was sehen sie?<\/p><p><i>Wohin? . 2014 <br \/>vor der Flamme geformt<\/i><\/p><h6><span style=\"background-color: var( --e-global-color-21094dc ); color: inherit; font-family: inherit; font-size: 1rem;\">\u00a0<\/span><\/h6><h6><span style=\"background-color: var( --e-global-color-21094dc ); color: inherit; font-family: inherit; font-size: 1rem;\">APRIL<\/span><\/h6><p>IM ALGENGARTEN . Strandw\u00e4chter<br \/>Witzig ist sie anzuschauen, die Versammlung buntgeglaster \u00abStrandw\u00e4chter\u00ab in einem Algengarten; fr\u00f6hliche Kobolde, die beim letzten Gezeitenwechsel ihre Str\u00f6mung verpasst haben. Noch z\u00f6gern sie \u2013 ein Wimpernschlag, und sie sind unsichtbar.<\/p><p><i>Strandw\u00e4chter . 2013 <br \/>Glasverschmelzung<\/i><\/p>\t\t\t\t\t\t\t\t<\/div>\n\t\t\t\t<\/div>\n\t\t\t\t\t<\/div>\n\t\t<\/div>\n\t\t\t\t\t<\/div>\n\t\t<\/section>\n\t\t\t\t<section class=\"has_ae_slider elementor-section elementor-top-section elementor-element elementor-element-cc25d77 elementor-section-full_width elementor-section-height-default elementor-section-height-default ae-bg-gallery-type-default\" data-id=\"cc25d77\" data-element_type=\"section\" data-e-type=\"section\">\n\t\t\t\t\t\t<div class=\"elementor-container elementor-column-gap-default\">\n\t\t\t\t\t<div class=\"has_ae_slider elementor-column elementor-col-25 elementor-top-column elementor-element elementor-element-c419bfb ae-bg-gallery-type-default\" data-id=\"c419bfb\" data-element_type=\"column\" data-e-type=\"column\" data-settings=\"{&quot;background_background&quot;:&quot;classic&quot;}\">\n\t\t\t<div class=\"elementor-widget-wrap elementor-element-populated\">\n\t\t\t\t\t\t<div class=\"elementor-element elementor-element-3fe1948 elementor-widget elementor-widget-text-editor\" data-id=\"3fe1948\" data-element_type=\"widget\" data-e-type=\"widget\" data-widget_type=\"text-editor.default\">\n\t\t\t\t<div class=\"elementor-widget-container\">\n\t\t\t\t\t\t\t\t\t<p>TAGE<strong>WERK<\/strong><sup>\u00ae<\/sup> ELF 2021 I 2022<br \/>AMMERSEE<\/p>\t\t\t\t\t\t\t\t<\/div>\n\t\t\t\t<\/div>\n\t\t\t\t<div class=\"elementor-element elementor-element-c5a1414 elementor-widget elementor-widget-text-editor\" data-id=\"c5a1414\" data-element_type=\"widget\" data-e-type=\"widget\" data-widget_type=\"text-editor.default\">\n\t\t\t\t<div class=\"elementor-widget-container\">\n\t\t\t\t\t\t\t\t\t<p><a title=\"Kalender Ammersee\" href=\"https:\/\/glasatelier-westphal.de\/de\/kalender\/ammersee\/\">\u00bb\u00bb\u00bb<\/a><\/p>\t\t\t\t\t\t\t\t<\/div>\n\t\t\t\t<\/div>\n\t\t\t\t\t<\/div>\n\t\t<\/div>\n\t\t\t\t<div class=\"has_ae_slider elementor-column elementor-col-25 elementor-top-column elementor-element elementor-element-34a7a3f ae-bg-gallery-type-default\" data-id=\"34a7a3f\" data-element_type=\"column\" data-e-type=\"column\">\n\t\t\t<div class=\"elementor-widget-wrap\">\n\t\t\t\t\t\t\t<\/div>\n\t\t<\/div>\n\t\t\t\t<div class=\"has_ae_slider elementor-column elementor-col-25 elementor-top-column elementor-element elementor-element-06c1a10 ae-bg-gallery-type-default\" data-id=\"06c1a10\" data-element_type=\"column\" data-e-type=\"column\">\n\t\t\t<div class=\"elementor-widget-wrap elementor-element-populated\">\n\t\t\t\t\t\t<div class=\"elementor-element elementor-element-672d49d elementor-widget elementor-widget-image\" data-id=\"672d49d\" data-element_type=\"widget\" data-e-type=\"widget\" data-widget_type=\"image.default\">\n\t\t\t\t<div class=\"elementor-widget-container\">\n\t\t\t\t\t\t\t\t\t\t\t\t\t\t\t<img decoding=\"async\" width=\"800\" height=\"538\" src=\"https:\/\/glasatelier-westphal.de\/wp-content\/uploads\/2022\/04\/kalender-feuerspiele_hans-juergen-westphal-glasatelier-ammersee-sylt-2014-2015-02-12-1024x688.jpg\" class=\"attachment-large size-large wp-image-4259\" alt=\"\" srcset=\"https:\/\/glasatelier-westphal.de\/wp-content\/uploads\/2022\/04\/kalender-feuerspiele_hans-juergen-westphal-glasatelier-ammersee-sylt-2014-2015-02-12-1024x688.jpg 1024w, https:\/\/glasatelier-westphal.de\/wp-content\/uploads\/2022\/04\/kalender-feuerspiele_hans-juergen-westphal-glasatelier-ammersee-sylt-2014-2015-02-12-300x201.jpg 300w, https:\/\/glasatelier-westphal.de\/wp-content\/uploads\/2022\/04\/kalender-feuerspiele_hans-juergen-westphal-glasatelier-ammersee-sylt-2014-2015-02-12-150x101.jpg 150w, https:\/\/glasatelier-westphal.de\/wp-content\/uploads\/2022\/04\/kalender-feuerspiele_hans-juergen-westphal-glasatelier-ammersee-sylt-2014-2015-02-12-768x516.jpg 768w, https:\/\/glasatelier-westphal.de\/wp-content\/uploads\/2022\/04\/kalender-feuerspiele_hans-juergen-westphal-glasatelier-ammersee-sylt-2014-2015-02-12-600x403.jpg 600w, https:\/\/glasatelier-westphal.de\/wp-content\/uploads\/2022\/04\/kalender-feuerspiele_hans-juergen-westphal-glasatelier-ammersee-sylt-2014-2015-02-12.jpg 1400w\" sizes=\"(max-width: 800px) 100vw, 800px\" \/>\t\t\t\t\t\t\t\t\t\t\t\t\t\t\t<\/div>\n\t\t\t\t<\/div>\n\t\t\t\t\t<\/div>\n\t\t<\/div>\n\t\t\t\t<div class=\"has_ae_slider elementor-column elementor-col-25 elementor-top-column elementor-element elementor-element-c5ad468 ae-bg-gallery-type-default\" data-id=\"c5ad468\" data-element_type=\"column\" data-e-type=\"column\">\n\t\t\t<div class=\"elementor-widget-wrap elementor-element-populated\">\n\t\t\t\t\t\t<div class=\"elementor-element elementor-element-0cf8465 elementor-widget elementor-widget-image\" data-id=\"0cf8465\" data-element_type=\"widget\" data-e-type=\"widget\" data-widget_type=\"image.default\">\n\t\t\t\t<div class=\"elementor-widget-container\">\n\t\t\t\t\t\t\t\t\t\t\t\t\t\t\t<img decoding=\"async\" width=\"800\" height=\"538\" src=\"https:\/\/glasatelier-westphal.de\/wp-content\/uploads\/2022\/04\/kalender-feuerspiele_hans-juergen-westphal-glasatelier-ammersee-sylt-2014-2015-02-13-1024x688.jpg\" class=\"attachment-large size-large wp-image-4257\" alt=\"\" srcset=\"https:\/\/glasatelier-westphal.de\/wp-content\/uploads\/2022\/04\/kalender-feuerspiele_hans-juergen-westphal-glasatelier-ammersee-sylt-2014-2015-02-13-1024x688.jpg 1024w, https:\/\/glasatelier-westphal.de\/wp-content\/uploads\/2022\/04\/kalender-feuerspiele_hans-juergen-westphal-glasatelier-ammersee-sylt-2014-2015-02-13-300x201.jpg 300w, https:\/\/glasatelier-westphal.de\/wp-content\/uploads\/2022\/04\/kalender-feuerspiele_hans-juergen-westphal-glasatelier-ammersee-sylt-2014-2015-02-13-150x101.jpg 150w, https:\/\/glasatelier-westphal.de\/wp-content\/uploads\/2022\/04\/kalender-feuerspiele_hans-juergen-westphal-glasatelier-ammersee-sylt-2014-2015-02-13-768x516.jpg 768w, https:\/\/glasatelier-westphal.de\/wp-content\/uploads\/2022\/04\/kalender-feuerspiele_hans-juergen-westphal-glasatelier-ammersee-sylt-2014-2015-02-13-600x403.jpg 600w, https:\/\/glasatelier-westphal.de\/wp-content\/uploads\/2022\/04\/kalender-feuerspiele_hans-juergen-westphal-glasatelier-ammersee-sylt-2014-2015-02-13.jpg 1400w\" sizes=\"(max-width: 800px) 100vw, 800px\" \/>\t\t\t\t\t\t\t\t\t\t\t\t\t\t\t<\/div>\n\t\t\t\t<\/div>\n\t\t\t\t\t<\/div>\n\t\t<\/div>\n\t\t\t\t\t<\/div>\n\t\t<\/section>\n\t\t\t\t<\/div>\n\t\t","protected":false},"excerpt":{"rendered":"<p>Kalender TAGEWERK\u00ae VIER mit dem Titel FEUERSPIELE ist eine Hommage an das Glasblasen als eines der alten, traditionsreichen Handwerke. Der Kalender beschreibt die Arbeit und Kunst von Hans-J\u00fcrgen Westphal in seiner ehemaligen Werkstatt im alten Bahnhof in Keitum auf Sylt. Auf insgesamt 16 Bl\u00e4ttern wird ein Querschnitt seines Schaffens abgebildet. Hans J\u00fcrgen Westphal beherrscht das [&hellip;]<\/p>\n","protected":false},"author":2,"featured_media":0,"parent":2949,"menu_order":7,"comment_status":"closed","ping_status":"closed","template":"","meta":{"_acf_changed":false,"inline_featured_image":false,"footnotes":""},"class_list":["post-3508","page","type-page","status-publish","hentry"],"acf":[],"_links":{"self":[{"href":"https:\/\/glasatelier-westphal.de\/de\/wp-json\/wp\/v2\/pages\/3508","targetHints":{"allow":["GET"]}}],"collection":[{"href":"https:\/\/glasatelier-westphal.de\/de\/wp-json\/wp\/v2\/pages"}],"about":[{"href":"https:\/\/glasatelier-westphal.de\/de\/wp-json\/wp\/v2\/types\/page"}],"author":[{"embeddable":true,"href":"https:\/\/glasatelier-westphal.de\/de\/wp-json\/wp\/v2\/users\/2"}],"replies":[{"embeddable":true,"href":"https:\/\/glasatelier-westphal.de\/de\/wp-json\/wp\/v2\/comments?post=3508"}],"version-history":[{"count":5,"href":"https:\/\/glasatelier-westphal.de\/de\/wp-json\/wp\/v2\/pages\/3508\/revisions"}],"predecessor-version":[{"id":4838,"href":"https:\/\/glasatelier-westphal.de\/de\/wp-json\/wp\/v2\/pages\/3508\/revisions\/4838"}],"up":[{"embeddable":true,"href":"https:\/\/glasatelier-westphal.de\/de\/wp-json\/wp\/v2\/pages\/2949"}],"wp:attachment":[{"href":"https:\/\/glasatelier-westphal.de\/de\/wp-json\/wp\/v2\/media?parent=3508"}],"curies":[{"name":"wp","href":"https:\/\/api.w.org\/{rel}","templated":true}]}}